{"id":48,"date":"2015-04-03T12:15:46","date_gmt":"2015-04-03T12:15:46","guid":{"rendered":"http:\/\/rajdmaczka.pl\/?page_id=48"},"modified":"2024-02-29T07:32:41","modified_gmt":"2024-02-29T07:32:41","slug":"iii-rajd-082011","status":"publish","type":"page","link":"https:\/\/rajdmaczka.pl\/?page_id=48","title":{"rendered":"III Rajd  &#8211;  2011"},"content":{"rendered":"\n<p>Kolejna 3-cia ods\u0142ona Rajdu Maczka rozpocz\u0119\u0142a si\u0119 wizyt\u0105 w Katowicach u p. Anny Maciejowskiej, c\u00f3rki mjr Jana Maciejowskiego poleg\u0142ego w Chambois pod Falaise. Na jej pro\u015bb\u0119 rajd sk\u0142ada kwiaty na grobie majora na cmentarzu Langenerie i od\u015bpiewuje &#8222;wr\u00f3\u0107 Jasie\u0144ku z tej wojenki wr\u00f3\u0107&#8221;. Zgrupowanie przedrajdowe mia\u0142o miejsce w \u015awi\u0119toszowie, w tzw domku generalskim udost\u0119pnionym nam dzi\u0119ki uprzejmo\u015bci gen. Miros\u0142awa R\u00f3\u017ca\u0144skiego oraz gen. Cezarego Podlasi\u0144skiego. Staramy si\u0119 podtrzymywa\u0107 dobre kontakty z wojskiem a w szczeg\u00f3lno\u015bci z 11 LDK Panc. i 10 BrK Panc. Te jednostki kultywuj\u0105 tradycj\u0119 Maczkowc\u00f3w. Wizyt\u0119 w izbie pami\u0119ci w \u017baganiu uznali\u015bmy za symboliczny i w\u0105zny pocz\u0105tek dla naszych wyjazd\u00f3w. Wsz\u0119dzie na szlaku spotykamy \u017co\u0142nierzy i oficer\u00f3w ww jednostek pancernych. Za ich przyja\u017a\u0144 i wsparcie &#8211; dzi\u0119kujemy !<\/p>\n\n\n\n<p><\/p>\n\n\n\n<figure class=\"wp-block-image size-full\"><a href=\"http:\/\/rajdmaczka.pl\/wp-content\/uploads\/2024\/02\/IMG_1041www.jpg\"><img decoding=\"async\" loading=\"lazy\" width=\"800\" height=\"497\" src=\"http:\/\/rajdmaczka.pl\/wp-content\/uploads\/2024\/02\/IMG_1041www.jpg\" alt=\"\" class=\"wp-image-162\" srcset=\"https:\/\/rajdmaczka.pl\/wp-content\/uploads\/2024\/02\/IMG_1041www.jpg 800w, https:\/\/rajdmaczka.pl\/wp-content\/uploads\/2024\/02\/IMG_1041www-300x186.jpg 300w, https:\/\/rajdmaczka.pl\/wp-content\/uploads\/2024\/02\/IMG_1041www-768x477.jpg 768w, https:\/\/rajdmaczka.pl\/wp-content\/uploads\/2024\/02\/IMG_1041www-624x388.jpg 624w\" sizes=\"(max-width: 800px) 100vw, 800px\" \/><\/a><\/figure>\n\n\n\n<p><\/p>\n\n\n\n<p>Msza na Polskim Cmentarzu Wojennym w Bredzie gdzie w\u015br\u00f3d swoich \u017co\u0142nierzy pochowany jest gen. Stanis\u0142aw Maczek<\/p>\n","protected":false},"excerpt":{"rendered":"<p>Kolejna 3-cia ods\u0142ona Rajdu Maczka rozpocz\u0119\u0142a si\u0119 wizyt\u0105 w Katowicach u p. Anny Maciejowskiej, c\u00f3rki mjr Jana Maciejowskiego poleg\u0142ego w [&hellip;]<\/p>\n","protected":false},"author":1,"featured_media":0,"parent":2,"menu_order":0,"comment_status":"open","ping_status":"open","template":"","meta":[],"_links":{"self":[{"href":"https:\/\/rajdmaczka.pl\/index.php?rest_route=\/wp\/v2\/pages\/48"}],"collection":[{"href":"https:\/\/rajdmaczka.pl\/index.php?rest_route=\/wp\/v2\/pages"}],"about":[{"href":"https:\/\/rajdmaczka.pl\/index.php?rest_route=\/wp\/v2\/types\/page"}],"author":[{"embeddable":true,"href":"https:\/\/rajdmaczka.pl\/index.php?rest_route=\/wp\/v2\/users\/1"}],"replies":[{"embeddable":true,"href":"https:\/\/rajdmaczka.pl\/index.php?rest_route=%2Fwp%2Fv2%2Fcomments&post=48"}],"version-history":[{"count":5,"href":"https:\/\/rajdmaczka.pl\/index.php?rest_route=\/wp\/v2\/pages\/48\/revisions"}],"predecessor-version":[{"id":164,"href":"https:\/\/rajdmaczka.pl\/index.php?rest_route=\/wp\/v2\/pages\/48\/revisions\/164"}],"up":[{"embeddable":true,"href":"https:\/\/rajdmaczka.pl\/index.php?rest_route=\/wp\/v2\/pages\/2"}],"wp:attachment":[{"href":"https:\/\/rajdmaczka.pl\/index.php?rest_route=%2Fwp%2Fv2%2Fmedia&parent=48"}],"curies":[{"name":"wp","href":"https:\/\/api.w.org\/{rel}","templated":true}]}}